{"version":"1.0","provider_name":"","provider_url":"https:\/\/falusilibak.cafeblog.hu","author_name":"Falusi Lib\u00e1k","author_url":"https:\/\/falusilibak.cafeblog.hu\/author\/falusi-libak\/","title":"Valami \u00faj","html":"<p>Mint a bejegyz\u00e9s c\u00edme is el\u00e1rulja, egy \u00faj id\u0151szak k\u00f6vetkezik...<\/p>\r\n<p>Visszakerestem most azt a bejegyz\u00e9st, ahol \u00edrtam a h\u00e1z elad\u00e1s\u00e1r\u00f3l, a v\u00e1l\u00e1somr\u00f3l \u00e9s az \u00faj terveimr\u0151l.<a href=\"https:\/\/falusilibak.cafeblog.hu\/2015\/07\/02\/a-haz\/\"> Ide<\/a> kattintva tal\u00e1lj\u00e1tok meg, ha valaki szeretn\u00e9 elolvasni. Ott nagyon nagyon optimist\u00e1n 2015-ben azt \u00edrtam, hogy p\u00e1r h\u00f3nap m\u00falva megnyitom a saj\u00e1t cukr\u00e1szm\u0171helyem.<\/p>\r\n<p>H\u00e1t az \u00e9let v\u00e1l\u00e1s ut\u00e1n nem volt annyira egyszer\u0171, mint akkor gondoltam. A 3 gyerekkel \u00fajrakezd\u00e9s, anyagilag rendbej\u00f6vetel kicsit hosszabb volt p\u00e1r h\u00f3napn\u00e1l. Akkor ott, 2015-ben elhelyezkedtem cukr\u00e1szk\u00e9nt Bp-en, ing\u00e1ztam Bp-V\u00e1c k\u00f6z\u00f6tt. Gyerekek, suli, ovi, munka, a mit is kezdjek magammal k\u00e9rd\u00e9s k\u00f6r\u00fcl forgott az \u00e9let. Akkor el is t\u0171ntem innen, nem posztoltam. Sajn\u00e1lom, hogy ezt nem is jeleztem nektek, ut\u00f3lag is eln\u00e9z\u00e9st, de ez volt az oka.<\/p>\r\n<p>Viszon k\u00f6zben szakmailag nagyon sokat tanultam, fejl\u0151dtem, 5 \u00e9v alatt a dolgok kezdtek \u00fajra egyenesbe j\u00f6nni.<\/p>\r\n<p>\u00c9\u00c9\u00c9\u00c9\u00c9\u00c9\u00c9S itt tartok most. Az \u00e1lom megval\u00f3s\u00edt\u00e1sa, ami b\u00e1r p\u00e1r h\u00f3nap helyett p\u00e1r \u00e9v lett, egyenesbe \u00e9r.\u00a0<\/p>\r\n<p>Saj\u00e1t cukr\u00e1szm\u0171helyt nyitok. Helyileg V\u00e1con. K\u00e9t mondat, de rengeteg minden van m\u00f6g\u00f6tte. Rengeteg munka, rengeteg \u00e9rz\u00e9s, sz\u00f3val most t\u00f6bbet nem is nagyon tudok \u00edrni err\u0151l.\u00a0<\/p>\r\n<p>\u00c9s most m\u00e1r \u00fagy \u00edrom le, hogy nemsok\u00e1ra nyitok, hogy t\u00e9nyleg \u00edgy lesz. Szor\u00edtsatok nekem, tud\u00f3s\u00edtani fogok mindenr\u0151l is a blogon :)<\/p>\r\n<p>Ilyen esk\u00fcv\u0151i tort\u00e1t is rendelhettek majd t\u0151lem t\u00f6bbek k\u00f6z\u00f6tt. :)<\/p>\r\n<p><img class=\"aligncenter size-large wp-image-3170\" src=\"https:\/\/falusilibak.cafeblog.hu\/files\/2020\/08\/IMG_20200808_152747-362x600.jpg\" alt=\"\" width=\"362\" height=\"600\" \/><\/p>\r\n<p>&nbsp;<\/p>\r\n<p>&nbsp;<\/p>","type":"rich"}